{"id":3161,"date":"2020-09-25T19:37:50","date_gmt":"2020-09-25T17:37:50","guid":{"rendered":"https:\/\/kremstalwein.at\/imprint\/"},"modified":"2021-10-09T07:44:37","modified_gmt":"2021-10-09T05:44:37","slug":"imprint","status":"publish","type":"page","link":"https:\/\/kremstalwein.at\/en\/imprint\/","title":{"rendered":"Imprint"},"content":{"rendered":"\t\t<div data-elementor-type=\"wp-page\" data-elementor-id=\"3161\" class=\"elementor elementor-3161 elementor-2332\" data-elementor-post-type=\"page\">\n\t\t\t\t\t\t<section class=\"elementor-section elementor-top-section elementor-element elementor-element-75107e6d elementor-section-stretched elementor-section-full_width elementor-section-height-default elementor-section-height-default\" data-id=\"75107e6d\" data-element_type=\"section\" data-e-type=\"section\" data-settings=\"{&quot;stretch_section&quot;:&quot;section-stretched&quot;,&quot;background_background&quot;:&quot;classic&quot;}\">\n\t\t\t\t\t\t<div class=\"elementor-container elementor-column-gap-default\">\n\t\t\t\t\t<div class=\"elementor-column elementor-col-100 elementor-top-column elementor-element elementor-element-9ec4307\" data-id=\"9ec4307\" data-element_type=\"column\" data-e-type=\"column\" data-settings=\"{&quot;background_background&quot;:&quot;classic&quot;,&quot;motion_fx_translateY_effect&quot;:&quot;yes&quot;,&quot;motion_fx_motion_fx_scrolling&quot;:&quot;yes&quot;,&quot;motion_fx_translateY_speed&quot;:{&quot;unit&quot;:&quot;px&quot;,&quot;size&quot;:1,&quot;sizes&quot;:[]},&quot;motion_fx_translateY_affectedRange&quot;:{&quot;unit&quot;:&quot;%&quot;,&quot;size&quot;:&quot;&quot;,&quot;sizes&quot;:{&quot;start&quot;:12,&quot;end&quot;:90}},&quot;motion_fx_devices&quot;:[&quot;desktop&quot;,&quot;tablet&quot;,&quot;mobile&quot;]}\">\n\t\t\t<div class=\"elementor-widget-wrap elementor-element-populated\">\n\t\t\t\t\t\t<div class=\"elementor-element elementor-element-498632c4 elementor-headline--style-highlight elementor-widget elementor-widget-animated-headline\" data-id=\"498632c4\" data-element_type=\"widget\" data-e-type=\"widget\" data-settings=\"{&quot;marker&quot;:&quot;underline&quot;,&quot;highlighted_text&quot;:&quot;Imprint&quot;,&quot;headline_style&quot;:&quot;highlight&quot;,&quot;loop&quot;:&quot;yes&quot;,&quot;highlight_animation_duration&quot;:1200,&quot;highlight_iteration_delay&quot;:8000}\" data-widget_type=\"animated-headline.default\">\n\t\t\t\t<div class=\"elementor-widget-container\">\n\t\t\t\t\t\t\t<h4 class=\"elementor-headline\">\n\t\t\t\t<span class=\"elementor-headline-dynamic-wrapper elementor-headline-text-wrapper\">\n\t\t\t\t\t<span class=\"elementor-headline-dynamic-text elementor-headline-text-active\">Imprint<\/span>\n\t\t\t\t<\/span>\n\t\t\t\t<\/h4>\n\t\t\t\t\t\t<\/div>\n\t\t\t\t<\/div>\n\t\t\t\t<section class=\"elementor-section elementor-inner-section elementor-element elementor-element-45716e9a elementor-section-full_width elementor-section-height-default elementor-section-height-default\" data-id=\"45716e9a\" data-element_type=\"section\" data-e-type=\"section\" data-settings=\"{&quot;background_background&quot;:&quot;classic&quot;}\">\n\t\t\t\t\t\t<div class=\"elementor-container elementor-column-gap-no\">\n\t\t\t\t\t<div class=\"elementor-column elementor-col-100 elementor-inner-column elementor-element elementor-element-5b5512b1\" data-id=\"5b5512b1\" data-element_type=\"column\" data-e-type=\"column\">\n\t\t\t<div class=\"elementor-widget-wrap elementor-element-populated\">\n\t\t\t\t\t\t<div class=\"elementor-element elementor-element-1dd7ec61 elementor-widget elementor-widget-text-editor\" data-id=\"1dd7ec61\" data-element_type=\"widget\" data-e-type=\"widget\" data-widget_type=\"text-editor.default\">\n\t\t\t\t<div class=\"elementor-widget-container\">\n\t\t\t\t\t\t\t\t\t<p><span style=\"color: #333333;\"><strong>Regionales Weinkomitee Kremstal<br \/><\/strong>K\u00f6rperschaft \u00f6ffentlichen Rechts<\/span><\/p>\n<p><span style=\"color: #333333;\"><strong>Weinstra\u00dfe Kremstal<\/strong><\/span><br \/><span style=\"color: #333333;\">Verein ZVR-Zahl 327956066<\/span><\/p>\n<p><span style=\"color: #333333;\">Obmann Leopold M\u00fcller<\/span><br \/><span style=\"color: #333333;\">Gesch\u00e4ftsf\u00fchrer Mag. Dieter Faltl<\/span><br \/><span style=\"color: #333333;\">c\/o Landwirtschaftliche Fachschule Krems<\/span><br \/><span style=\"color: #333333;\">Wienerstra\u00dfe 101<\/span><br \/><span style=\"color: #333333;\">3500 Krems an der Donau<\/span><br \/><span style=\"color: #333333;\">Tel. + 43 (0)664\/201 94 79 (Mag. Christina Moser)<\/span><br \/><span id=\"cloake8a4c3c7f4b48a63e7c04cceb2489087\" style=\"color: #333333;\"><a style=\"color: #333333;\" href=\"mailto:hochkultur@kremstal-wein.at\">hochkultur@kremstal-wein.at<\/a><\/span><\/p>\n<p class=\"bodytext\"><span style=\"color: #333333;\"><strong>Aufgaben und Organe:<\/strong><\/span><br \/><span style=\"color: #333333;\">siehe Punkt <span style=\"color: #333399;\"><a style=\"color: #333399;\" href=\"https:\/\/www.kremstalwein.at\/kremstal-dac\/weinkomitee\/\" target=\"_blank\" rel=\"noopener\">Regionales Weinkomitee Kremstal<\/a><\/span><\/span><\/p>\n<p class=\"bodytext\"><span style=\"color: #333333;\"><strong>Links<\/strong><\/span><br \/><span style=\"color: #333333;\">Auf Inhalte oder Gestaltung der auf unserer Website www.kremstal-wein.at verlinkten externen Seiten haben wir keinerlei Einfluss. Diese liegen ausschlie\u00dflich im Verantwortungsbereich der jeweiligen Eigent\u00fcmer, inhaltlich Verantwortlichen, Betreiber oder anderer \u2013 wir machen uns deren Inhalte nicht zu eigen.<\/span><\/p>\n<p class=\"bodytext\"><span style=\"color: #333333;\"><strong>Fotos:<\/strong><\/span><br \/><span style=\"color: #333333;\"><a href=\"https:\/\/pov.at\" target=\"{wpml_trans_unit_3_0_5_2_0_-1_1}\" rel=\"{wpml_trans_unit_3_0_5_2_0_-1_2}\"><span style=\"{wpml_trans_unit_3_0_5_2_0_0_-1_0}\">Point of View &#8211; Robert Herbst<\/span><\/a>, Rita Newman, \u00d6sterreichische Weinmarketing bzw. nach Angabe bei den Fotos<\/span><\/p>\n<p class=\"bodytext\"><span style=\"color: #333333;\">Unser Presse- &amp; Bilderservice steht allen Journalisten und Interessierten f\u00fcr die Berichterstattung \u00fcber das Weinbaugebiet Kremstal kostenlos zur Verf\u00fcgung. Die Rechte f\u00fcr die Ver\u00f6ffentlichung s\u00e4mtlicher Bilder liegen beim Regionalen Weinkomitee Kremstal. Dar\u00fcber hinausgehende Rechte f\u00fcr allf\u00e4llige Ver\u00f6ffentlichungen besitzt das Regionale Weinkomitee Kremstal nicht. Diese m\u00fcssen gegebenenfalls bei den jeweiligen Urhebern oder Inhabern der Ver\u00f6ffentlichungsrechte eingeholt werden. <\/span><\/p>\n<p class=\"bodytext\"><span style=\"color: #333333;\"><strong>Texte:<\/strong><\/span><br \/><span style=\"color: #333333;\">Wolfgang Gem\u00fcnd, \u00a9 Regionales Weinkomitee Kremstal<\/span><\/p>\n<p class=\"bodytext\"><span style=\"color: #333333;\"><strong>Webseitendesign und Hosting:<\/strong><\/span><br \/><span style=\"color: #333399;\"><a style=\"color: #333399;\" href=\"https:\/\/www.manwerbe.at\/\" target=\"_blank\" rel=\"noopener\">manwerbe e.U. | www.manwerbe<\/a><\/span><\/p>\n\t\t\t\t\t\t\t\t<\/div>\n\t\t\t\t<\/div>\n\t\t\t\t<div class=\"elementor-element elementor-element-e7bf170 elementor-widget elementor-widget-spacer\" data-id=\"e7bf170\" data-element_type=\"widget\" data-e-type=\"widget\" id=\"datenschutz\" data-widget_type=\"spacer.default\">\n\t\t\t\t<div class=\"elementor-widget-container\">\n\t\t\t\t\t\t\t<div class=\"elementor-spacer\">\n\t\t\t<div class=\"elementor-spacer-inner\"><\/div>\n\t\t<\/div>\n\t\t\t\t\t\t<\/div>\n\t\t\t\t<\/div>\n\t\t\t\t\t<\/div>\n\t\t<\/div>\n\t\t\t\t\t<\/div>\n\t\t<\/section>\n\t\t\t\t\t<\/div>\n\t\t<\/div>\n\t\t\t\t\t<\/div>\n\t\t<\/section>\n\t\t\t\t<section class=\"elementor-section elementor-top-section elementor-element elementor-element-5550b7fb elementor-section-stretched elementor-section-full_width elementor-section-height-default elementor-section-height-default\" data-id=\"5550b7fb\" data-element_type=\"section\" data-e-type=\"section\" data-settings=\"{&quot;stretch_section&quot;:&quot;section-stretched&quot;,&quot;background_background&quot;:&quot;classic&quot;}\">\n\t\t\t\t\t\t<div class=\"elementor-container elementor-column-gap-default\">\n\t\t\t\t\t<div class=\"elementor-column elementor-col-100 elementor-top-column elementor-element elementor-element-3de8e559\" data-id=\"3de8e559\" data-element_type=\"column\" data-e-type=\"column\">\n\t\t\t<div class=\"elementor-widget-wrap elementor-element-populated\">\n\t\t\t\t\t\t<section class=\"elementor-section elementor-inner-section elementor-element elementor-element-1ae6d9c4 elementor-section-full_width elementor-section-height-default elementor-section-height-default\" data-id=\"1ae6d9c4\" data-element_type=\"section\" data-e-type=\"section\" data-settings=\"{&quot;background_background&quot;:&quot;classic&quot;}\">\n\t\t\t\t\t\t<div class=\"elementor-container elementor-column-gap-no\">\n\t\t\t\t\t<div class=\"elementor-column elementor-col-100 elementor-inner-column elementor-element elementor-element-368deb1c\" data-id=\"368deb1c\" data-element_type=\"column\" data-e-type=\"column\">\n\t\t\t<div class=\"elementor-widget-wrap elementor-element-populated\">\n\t\t\t\t\t\t<div class=\"elementor-element elementor-element-348aa54 elementor-headline--style-highlight elementor-widget elementor-widget-animated-headline\" data-id=\"348aa54\" data-element_type=\"widget\" data-e-type=\"widget\" data-settings=\"{&quot;marker&quot;:&quot;underline&quot;,&quot;highlighted_text&quot;:&quot;Declaration Regarding Data Protection&quot;,&quot;headline_style&quot;:&quot;highlight&quot;,&quot;loop&quot;:&quot;yes&quot;,&quot;highlight_animation_duration&quot;:1200,&quot;highlight_iteration_delay&quot;:8000}\" data-widget_type=\"animated-headline.default\">\n\t\t\t\t<div class=\"elementor-widget-container\">\n\t\t\t\t\t\t\t<h4 class=\"elementor-headline\">\n\t\t\t\t<span class=\"elementor-headline-dynamic-wrapper elementor-headline-text-wrapper\">\n\t\t\t\t\t<span class=\"elementor-headline-dynamic-text elementor-headline-text-active\">Declaration Regarding Data Protection<\/span>\n\t\t\t\t<\/span>\n\t\t\t\t<\/h4>\n\t\t\t\t\t\t<\/div>\n\t\t\t\t<\/div>\n\t\t\t\t<div class=\"elementor-element elementor-element-53fd6d2d elementor-widget elementor-widget-text-editor\" data-id=\"53fd6d2d\" data-element_type=\"widget\" data-e-type=\"widget\" data-widget_type=\"text-editor.default\">\n\t\t\t\t<div class=\"elementor-widget-container\">\n\t\t\t\t\t\t\t\t\t<h3 style=\"font-weight: 300;\"><span style=\"color: #ececec;\">Erkl\u00e4rung zur Informationspflicht<\/span><\/h3>\n<p style=\"font-weight: 400;\"><span style=\"color: #ececec;\">Der Schutz Ihrer pers\u00f6nlichen Daten ist uns ein besonderes Anliegen. Wir verarbeiten Ihre Daten daher ausschlie\u00dflich auf Grundlage der gesetzlichen Bestimmungen (DSGVO, TKG 2003). In diesen Datenschutzinformationen informieren wir Sie \u00fcber die wichtigsten Aspekte der Datenverarbeitung im Rahmen unserer Website.<\/span><\/p>\n<h4 style=\"font-weight: 300;\"><span style=\"color: #ececec;\">Kontakt mit uns<\/span><\/h4>\n<p style=\"font-weight: 400;\"><span style=\"color: #ececec;\">Wenn Sie per E-Mail Kontakt mit uns aufnehmen, werden Ihre angegebenen Daten zwecks Bearbeitung der Anfrage und f\u00fcr den Fall von Anschlussfragen sechs Monate bei uns gespeichert. Diese Daten geben wir nicht ohne Ihre Einwilligung weiter.<\/span><\/p>\n<h4 style=\"font-weight: 300;\"><span style=\"color: #ececec;\">Cookies<\/span><\/h4>\n<p style=\"font-weight: 400;\"><span style=\"color: #ececec;\">Unsere Website verwendet so genannte Cookies. Dabei handelt es sich um kleine Textdateien, die mit Hilfe des Browsers auf Ihrem Endger\u00e4t abgelegt werden. Sie richten keinen Schaden an. Wir nutzen Cookies dazu, unser Angebot nutzerfreundlich zu gestalten. Einige Cookies bleiben auf Ihrem Endger\u00e4t gespeichert, bis Sie diese l\u00f6schen. Sie erm\u00f6glichen es uns, Ihren Browser beim n\u00e4chsten Besuch wiederzuerkennen. Wenn Sie dies nicht w\u00fcnschen, so k\u00f6nnen Sie Ihren Browser so einrichten, dass er Sie \u00fcber das Setzen von Cookies informiert und Sie dies nur im Einzelfall erlauben. Bei der Deaktivierung von Cookies kann die Funktionalit\u00e4t unserer Website eingeschr\u00e4nkt sein.<\/span><\/p>\n<h4 style=\"font-weight: 300;\"><span style=\"color: #ececec;\">Web-Analyse<\/span><\/h4>\n<p style=\"font-weight: 400;\"><span style=\"color: #ececec;\">Diese Website benutzt Google Analytics, einen Webanalysedienst der Google Inc. (\u201eGoogle\u201c). Google Analytics verwendet sog. \u201eCookies\u201c, also Textdateien, die auf Ihrem Computer gespeichert werden und die eine Analyse der Benutzung der Website durch Sie erm\u00f6glicht. Sie k\u00f6nnen dies verhindern, indem Sie Ihren Browser so einrichten, dass keine Cookies gespeichert werden.<\/span><\/p>\n<p><span style=\"color: #ececec;\">Weiters verwendet unsere Website die Funktionen des Webanalysedienstes \u201eWP Statistic\u201c von Verona Labs. Die Daten werden lokal in WordPress gespeichert. Dazu werden Cookies verwendet, die eine Analyse der Benutzung der Website durch Ihre Benutzer erm\u00f6glicht. Hier finden Sie die Datenschutzerkl\u00e4rungen von <a style=\"color: #ececec;\" href=\"https:\/\/wp-statistics.com\/privacy-and-policy\/\">WP Statistic<\/a>. Weiters verwenden wir Google Analytics. Informationen dazu finden Sie <a style=\"color: #ececec;\" href=\"https:\/\/de.wikipedia.org\/wiki\/Google_Analytics\" target=\"_blank\" rel=\"noopener\">hier<\/a>.<\/span><\/p>\n<p><span style=\"color: #ececec;\">Sie k\u00f6nnen dies verhindern, indem Sie Ihren Browser so einrichten, dass keine Cookies gespeichert werden.<\/span><\/p>\n<p><span style=\"color: #ececec;\">Ihre IP-Adresse wird erfasst, aber umgehend pseudonymisiert. Dadurch ist nur mehr eine grobe Lokalisierung m\u00f6glich.<\/span><\/p>\n<p><span style=\"color: #ececec;\">Die Datenverarbeitung erfolgt auf Basis der gesetzlichen Bestimmungen des \u00a7 96 Abs 3 TKG sowie des Art 6 Abs 1 lit a (Einwilligung) und\/oder f (berechtigtes Interesse) der DSGVO.<\/span><\/p>\n<p><span style=\"color: #ececec;\">Unser Anliegen im Sinne der DSGVO (berechtigtes Interesse) ist die Verbesserung unseres Angebotes und unseres Webauftritts. Da uns die Privatsph\u00e4re unserer Nutzer wichtig ist, werden die Nutzerdaten pseudonymisiert.<\/span><\/p>\n<h4 style=\"font-weight: 300;\"><span style=\"color: #ececec;\">Ihre Rechte<\/span><\/h4>\n<p style=\"font-weight: 400;\"><span style=\"color: #ececec;\">Ihnen stehen grunds\u00e4tzlich die Rechte auf Auskunft, Berichtigung, L\u00f6schung, Einschr\u00e4nkung, Daten\u00fcbertragbarkeit, Widerruf und Widerspruch zu. Wenn Sie glauben, dass die Verarbeitung Ihrer Daten gegen das Datenschutzrecht verst\u00f6\u00dft oder Ihre datenschutzrechtlichen Anspr\u00fcche sonst in einer Weise verletzt worden sind, k\u00f6nnen Sie sich bei der Aufsichtsbeh\u00f6rde beschweren. In \u00d6sterreich ist dies die Datenschutzbeh\u00f6rde.<\/span><\/p>\n<h4 style=\"font-weight: 300;\"><span style=\"color: #ececec;\">Veranstaltungskalender<\/span><\/h4>\n<p style=\"font-weight: 400;\"><span style=\"color: #ececec;\">Wir verarbeiten im Veranstaltungskalender zum Zweck der Bewerbung und Information jene Veranstaltungs- und Kontaktdaten aus \u00f6ffentlich zug\u00e4nglichen Quellen einschlie\u00dflich Fotos und ggfls. Bewegtbildern, die von den registrierten Nutzern im Veranstaltungskalender veranstaltungen.niederoesterreich.at ver\u00f6ffentlicht werden. Diese Verarbeitung erfolgt f\u00fcr die Dauer der betreffenden Veranstaltung und zur Wahrung der berechtigten Interessen des Verantwortlichen Nieder\u00f6sterreich Werbung GmbH sowie jener Dritter (Vereine und Institutionen), die die betreffende Veranstaltung im Veranstaltungskalender Nieder\u00f6sterreich ver\u00f6ffentlicht haben. <\/span><\/p>\n<h4 style=\"font-weight: 300;\"><span style=\"color: #ececec;\">Google Fonts<\/span><\/h4>\n<p style=\"font-weight: 400;\"><span style=\"color: #ececec;\">Auf der Webseite des Veranstaltungskalenders werden externe Schriften, Google Fonts verwendet. Google Fonts ist ein Dienst der Google Inc., 1600 Amphitheatre Parkway, Mountain View, CA 94043, USA (&#8220;Google&#8221;). Die Einbindung dieser Web Fonts erfolgt durch einen Serveraufruf, in der Regel ein Server von Google in den USA. Hierdurch wird an den Server \u00fcbermittelt, welche unserer Website Sie besucht haben. Auch wird die IP-Adresse des Browsers des Endger\u00e4tes des Besuchers dieser Website von Google gespeichert. N\u00e4here Informationen finden Sie in den Datenschutzhinweisen von Google, die Sie hier abrufen k\u00f6nnen: <a style=\"color: #ececec;\" href=\"http:\/\/www.google.com\/policies\/privacy\/\">www.google.com\/policies\/privacy\/<\/a><\/span><\/p>\n<h3> <\/h3>\n\t\t\t\t\t\t\t\t<\/div>\n\t\t\t\t<\/div>\n\t\t\t\t\t<\/div>\n\t\t<\/div>\n\t\t\t\t\t<\/div>\n\t\t<\/section>\n\t\t\t\t\t<\/div>\n\t\t<\/div>\n\t\t\t\t\t<\/div>\n\t\t<\/section>\n\t\t\t\t<\/div>\n\t\t","protected":false},"excerpt":{"rendered":"<p>Imprint Regionales Weinkomitee KremstalK\u00f6rperschaft \u00f6ffentlichen Rechts Weinstra\u00dfe KremstalVerein ZVR-Zahl 327956066 Obmann Leopold M\u00fcllerGesch\u00e4ftsf\u00fchrer Mag. Dieter Faltlc\/o Landwirtschaftliche Fachschule KremsWienerstra\u00dfe 1013500 Krems an der DonauTel. + 43 (0)664\/201 94 79 (Mag. Christina Moser)hochkultur@kremstal-wein.at Aufgaben und Organe:siehe Punkt Regionales Weinkomitee Kremstal LinksAuf Inhalte oder Gestaltung der auf unserer Website www.kremstal-wein.at verlinkten externen Seiten haben wir keinerlei Einfluss.&hellip;<\/p>\n","protected":false},"author":1,"featured_media":0,"parent":0,"menu_order":0,"comment_status":"closed","ping_status":"closed","template":"","meta":{"inline_featured_image":false,"cybocfi_hide_featured_image":"","footnotes":""},"class_list":["post-3161","page","type-page","status-publish","hentry"],"yoast_head":"<!-- This site is optimized with the Yoast SEO plugin v27.2 - https:\/\/yoast.com\/product\/yoast-seo-wordpress\/ -->\n<title>Imprint - Kremstalwein<\/title>\n<meta name=\"robots\" content=\"index, follow, max-snippet:-1, max-image-preview:large, max-video-preview:-1\" \/>\n<link rel=\"canonical\" href=\"https:\/\/kremstalwein.at\/en\/imprint\/\" \/>\n<meta property=\"og:locale\" content=\"en_US\" \/>\n<meta property=\"og:type\" content=\"article\" \/>\n<meta property=\"og:title\" content=\"Imprint - Kremstalwein\" \/>\n<meta property=\"og:description\" content=\"Imprint Regionales Weinkomitee KremstalK\u00f6rperschaft \u00f6ffentlichen Rechts Weinstra\u00dfe KremstalVerein ZVR-Zahl 327956066 Obmann Leopold M\u00fcllerGesch\u00e4ftsf\u00fchrer Mag. Dieter Faltlc\/o Landwirtschaftliche Fachschule KremsWienerstra\u00dfe 1013500 Krems an der DonauTel. + 43 (0)664\/201 94 79 (Mag. Christina Moser)hochkultur@kremstal-wein.at Aufgaben und Organe:siehe Punkt Regionales Weinkomitee Kremstal LinksAuf Inhalte oder Gestaltung der auf unserer Website www.kremstal-wein.at verlinkten externen Seiten haben wir keinerlei Einfluss.&hellip;\" \/>\n<meta property=\"og:url\" content=\"https:\/\/kremstalwein.at\/en\/imprint\/\" \/>\n<meta property=\"og:site_name\" content=\"Kremstalwein\" \/>\n<meta property=\"article:publisher\" content=\"https:\/\/www.facebook.com\/kremstalwein\" \/>\n<meta property=\"article:modified_time\" content=\"2021-10-09T05:44:37+00:00\" \/>\n<meta name=\"twitter:card\" content=\"summary_large_image\" \/>\n<meta name=\"twitter:label1\" content=\"Est. reading time\" \/>\n\t<meta name=\"twitter:data1\" content=\"4 minutes\" \/>\n<script type=\"application\/ld+json\" class=\"yoast-schema-graph\">{\"@context\":\"https:\/\/schema.org\",\"@graph\":[{\"@type\":\"WebPage\",\"@id\":\"https:\/\/kremstalwein.at\/en\/imprint\/\",\"url\":\"https:\/\/kremstalwein.at\/en\/imprint\/\",\"name\":\"Imprint - Kremstalwein\",\"isPartOf\":{\"@id\":\"https:\/\/kremstalwein.at\/#website\"},\"datePublished\":\"2020-09-25T17:37:50+00:00\",\"dateModified\":\"2021-10-09T05:44:37+00:00\",\"breadcrumb\":{\"@id\":\"https:\/\/kremstalwein.at\/en\/imprint\/#breadcrumb\"},\"inLanguage\":\"en-US\",\"potentialAction\":[{\"@type\":\"ReadAction\",\"target\":[\"https:\/\/kremstalwein.at\/en\/imprint\/\"]}]},{\"@type\":\"BreadcrumbList\",\"@id\":\"https:\/\/kremstalwein.at\/en\/imprint\/#breadcrumb\",\"itemListElement\":[{\"@type\":\"ListItem\",\"position\":1,\"name\":\"Startseite\",\"item\":\"https:\/\/kremstalwein.at\/en\/\"},{\"@type\":\"ListItem\",\"position\":2,\"name\":\"Imprint\"}]},{\"@type\":\"WebSite\",\"@id\":\"https:\/\/kremstalwein.at\/#website\",\"url\":\"https:\/\/kremstalwein.at\/\",\"name\":\"Kremstalwein\",\"description\":\"Hochkultur des Weins\",\"publisher\":{\"@id\":\"https:\/\/kremstalwein.at\/#organization\"},\"potentialAction\":[{\"@type\":\"SearchAction\",\"target\":{\"@type\":\"EntryPoint\",\"urlTemplate\":\"https:\/\/kremstalwein.at\/?s={search_term_string}\"},\"query-input\":{\"@type\":\"PropertyValueSpecification\",\"valueRequired\":true,\"valueName\":\"search_term_string\"}}],\"inLanguage\":\"en-US\"},{\"@type\":\"Organization\",\"@id\":\"https:\/\/kremstalwein.at\/#organization\",\"name\":\"Regionales Weinkomitee Kremstal & Weinstra\u00dfe Kremstal\",\"url\":\"https:\/\/kremstalwein.at\/\",\"logo\":{\"@type\":\"ImageObject\",\"inLanguage\":\"en-US\",\"@id\":\"https:\/\/kremstalwein.at\/#\/schema\/logo\/image\/\",\"url\":\"https:\/\/kremstalwein.at\/wp-content\/uploads\/2020\/06\/kremstal-logo-ohne-hg_klein.jpg\",\"contentUrl\":\"https:\/\/kremstalwein.at\/wp-content\/uploads\/2020\/06\/kremstal-logo-ohne-hg_klein.jpg\",\"width\":300,\"height\":230,\"caption\":\"Regionales Weinkomitee Kremstal & Weinstra\u00dfe Kremstal\"},\"image\":{\"@id\":\"https:\/\/kremstalwein.at\/#\/schema\/logo\/image\/\"},\"sameAs\":[\"https:\/\/www.facebook.com\/kremstalwein\",\"https:\/\/www.instagram.com\/kremstalwein\/?hl=de\"]}]}<\/script>\n<!-- \/ Yoast SEO plugin. -->","yoast_head_json":{"title":"Imprint - Kremstalwein","robots":{"index":"index","follow":"follow","max-snippet":"max-snippet:-1","max-image-preview":"max-image-preview:large","max-video-preview":"max-video-preview:-1"},"canonical":"https:\/\/kremstalwein.at\/en\/imprint\/","og_locale":"en_US","og_type":"article","og_title":"Imprint - Kremstalwein","og_description":"Imprint Regionales Weinkomitee KremstalK\u00f6rperschaft \u00f6ffentlichen Rechts Weinstra\u00dfe KremstalVerein ZVR-Zahl 327956066 Obmann Leopold M\u00fcllerGesch\u00e4ftsf\u00fchrer Mag. Dieter Faltlc\/o Landwirtschaftliche Fachschule KremsWienerstra\u00dfe 1013500 Krems an der DonauTel. + 43 (0)664\/201 94 79 (Mag. Christina Moser)hochkultur@kremstal-wein.at Aufgaben und Organe:siehe Punkt Regionales Weinkomitee Kremstal LinksAuf Inhalte oder Gestaltung der auf unserer Website www.kremstal-wein.at verlinkten externen Seiten haben wir keinerlei Einfluss.&hellip;","og_url":"https:\/\/kremstalwein.at\/en\/imprint\/","og_site_name":"Kremstalwein","article_publisher":"https:\/\/www.facebook.com\/kremstalwein","article_modified_time":"2021-10-09T05:44:37+00:00","twitter_card":"summary_large_image","twitter_misc":{"Est. reading time":"4 minutes"},"schema":{"@context":"https:\/\/schema.org","@graph":[{"@type":"WebPage","@id":"https:\/\/kremstalwein.at\/en\/imprint\/","url":"https:\/\/kremstalwein.at\/en\/imprint\/","name":"Imprint - Kremstalwein","isPartOf":{"@id":"https:\/\/kremstalwein.at\/#website"},"datePublished":"2020-09-25T17:37:50+00:00","dateModified":"2021-10-09T05:44:37+00:00","breadcrumb":{"@id":"https:\/\/kremstalwein.at\/en\/imprint\/#breadcrumb"},"inLanguage":"en-US","potentialAction":[{"@type":"ReadAction","target":["https:\/\/kremstalwein.at\/en\/imprint\/"]}]},{"@type":"BreadcrumbList","@id":"https:\/\/kremstalwein.at\/en\/imprint\/#breadcrumb","itemListElement":[{"@type":"ListItem","position":1,"name":"Startseite","item":"https:\/\/kremstalwein.at\/en\/"},{"@type":"ListItem","position":2,"name":"Imprint"}]},{"@type":"WebSite","@id":"https:\/\/kremstalwein.at\/#website","url":"https:\/\/kremstalwein.at\/","name":"Kremstalwein","description":"Hochkultur des Weins","publisher":{"@id":"https:\/\/kremstalwein.at\/#organization"},"potentialAction":[{"@type":"SearchAction","target":{"@type":"EntryPoint","urlTemplate":"https:\/\/kremstalwein.at\/?s={search_term_string}"},"query-input":{"@type":"PropertyValueSpecification","valueRequired":true,"valueName":"search_term_string"}}],"inLanguage":"en-US"},{"@type":"Organization","@id":"https:\/\/kremstalwein.at\/#organization","name":"Regionales Weinkomitee Kremstal & Weinstra\u00dfe Kremstal","url":"https:\/\/kremstalwein.at\/","logo":{"@type":"ImageObject","inLanguage":"en-US","@id":"https:\/\/kremstalwein.at\/#\/schema\/logo\/image\/","url":"https:\/\/kremstalwein.at\/wp-content\/uploads\/2020\/06\/kremstal-logo-ohne-hg_klein.jpg","contentUrl":"https:\/\/kremstalwein.at\/wp-content\/uploads\/2020\/06\/kremstal-logo-ohne-hg_klein.jpg","width":300,"height":230,"caption":"Regionales Weinkomitee Kremstal & Weinstra\u00dfe Kremstal"},"image":{"@id":"https:\/\/kremstalwein.at\/#\/schema\/logo\/image\/"},"sameAs":["https:\/\/www.facebook.com\/kremstalwein","https:\/\/www.instagram.com\/kremstalwein\/?hl=de"]}]}},"_links":{"self":[{"href":"https:\/\/kremstalwein.at\/en\/wp-json\/wp\/v2\/pages\/3161","targetHints":{"allow":["GET"]}}],"collection":[{"href":"https:\/\/kremstalwein.at\/en\/wp-json\/wp\/v2\/pages"}],"about":[{"href":"https:\/\/kremstalwein.at\/en\/wp-json\/wp\/v2\/types\/page"}],"author":[{"embeddable":true,"href":"https:\/\/kremstalwein.at\/en\/wp-json\/wp\/v2\/users\/1"}],"replies":[{"embeddable":true,"href":"https:\/\/kremstalwein.at\/en\/wp-json\/wp\/v2\/comments?post=3161"}],"version-history":[{"count":0,"href":"https:\/\/kremstalwein.at\/en\/wp-json\/wp\/v2\/pages\/3161\/revisions"}],"wp:attachment":[{"href":"https:\/\/kremstalwein.at\/en\/wp-json\/wp\/v2\/media?parent=3161"}],"curies":[{"name":"wp","href":"https:\/\/api.w.org\/{rel}","templated":true}]}}